{"id":7353,"date":"2024-04-19T08:36:15","date_gmt":"2024-04-19T06:36:15","guid":{"rendered":"https:\/\/www.farapi.eus\/?page_id=7353"},"modified":"2025-03-07T14:54:32","modified_gmt":"2025-03-07T13:54:32","slug":"recorrido","status":"publish","type":"page","link":"https:\/\/www.farapi.eus\/es\/quienes-somos\/proceso-interno\/recorrido\/","title":{"rendered":"Recorrido"},"content":{"rendered":"<section class=\"l-section wpb_row height_auto\"><div class=\"l-section-h i-cf\"><div class=\"g-cols vc_row via_flex valign_top type_default stacking_default\"><div class=\"vc_col-sm-12 wpb_column vc_column_container\"><div class=\"vc_column-inner us_custom_c66aa925\"><div class=\"wpb_wrapper\"><h1 class=\"w-text us_custom_a917f4e3 has_text_color\"><span class=\"w-text-h\"><span class=\"w-text-value\">Recorrido<\/span><\/span><\/h1><nav class=\"g-breadcrumbs us_custom_703b2333 separator_icon align_center\" itemscope itemtype=\"http:\/\/schema.org\/BreadcrumbList\"><div class=\"g-breadcrumbs-item\" itemscope itemprop=\"itemListElement\" itemtype=\"http:\/\/schema.org\/ListItem\"><a itemprop=\"item\" href=\"https:\/\/www.farapi.eus\/es\/\"><span itemprop=\"name\">Inicio<\/span><\/a><meta itemprop=\"position\" content=\"1\"\/><\/div><div class=\"g-breadcrumbs-separator\"><i class=\"far fa-angle-right\"><\/i><\/div><div class=\"g-breadcrumbs-item\">P\u00e1ginas<\/div><\/nav><div class=\"w-separator size_small\"><\/div><\/div><\/div><\/div><\/div><\/div><\/section><section class=\"l-section wpb_row height_auto\"><div class=\"l-section-h i-cf\"><div class=\"g-cols vc_row via_flex valign_top type_default stacking_default\"><div class=\"vc_col-sm-12 wpb_column vc_column_container has_bg_color\"><div class=\"vc_column-inner us_custom_dbffabb6\"><div class=\"wpb_wrapper\"><div class=\"w-image align_none\"><div class=\"w-image-h\"><img loading=\"lazy\" decoding=\"async\" width=\"2560\" height=\"1709\" src=\"https:\/\/www.farapi.eus\/wp-content\/uploads\/2024\/04\/BARNE-PROZESUA-IBILBIDEA-scaled-e1713509157244.jpg\" class=\"attachment-full size-full\" alt=\"ibilbidea\" \/><\/div><\/div><div class=\"w-separator size_large\"><\/div><div class=\"wpb_text_column urtea\"><div class=\"wpb_wrapper\"><h1>2019<\/h1>\n<\/div><\/div><div class=\"wpb_text_column\"><div class=\"wpb_wrapper\"><ul>\n<li>\u00a0 Iniciamos un cambio organizativo y estructural: pasamos de ser una cooperativa con gerencia a ser una cooperativa sin jerarqu\u00edas.<\/li>\n<li>Ponemos en marcha la nueva estructura y concretamos las funciones de cada grupo de trabajo.<\/li>\n<li>El trabajo del grupo \u2018Bizi on\u2019 comienza a centrarse en la articulaci\u00f3n entre las 5 esferas.<\/li>\n<li>Creamos la primera herramienta para la incorporaci\u00f3n de nuestra filosof\u00eda al trabajo diario: la herramienta para la selecci\u00f3n de proyectos.<\/li>\n<li>Empezamos a realizar entrevistas individuales y organizamos un espacio de cuidado.<\/li>\n<li>Con el fin de valorar nuestra disponibilidad y evitar desequilibrios y sobrecargas, creamos cronogramas de previsi\u00f3n y herramientas de seguimiento de horas.<\/li>\n<\/ul>\n<\/div><\/div><div class=\"w-separator size_medium\"><\/div><div class=\"wpb_text_column urtea\"><div class=\"wpb_wrapper\"><h1>2020<\/h1>\n<\/div><\/div><div class=\"wpb_text_column\"><div class=\"wpb_wrapper\"><ul>\n<li>La necesidad de transformar nuestro entorno nos lleva a trabajar conscientemente en Olatukoop y otras redes.<\/li>\n<li>Iniciamos un proceso de adaptaci\u00f3n de los informes mensuales de seguimiento, m\u00e1s all\u00e1 de los elementos de an\u00e1lisis econ\u00f3micos y cargas de trabajo.<\/li>\n<\/ul>\n<\/div><\/div><div class=\"w-separator size_medium\"><\/div><div class=\"wpb_text_column urtea\"><div class=\"wpb_wrapper\"><h1>2021<\/h1>\n<\/div><\/div><div class=\"wpb_text_column\"><div class=\"wpb_wrapper\"><ul>\n<li>\u00a0Reorganizamos nuestra jornada seg\u00fan el modelo 6+1+1.<\/li>\n<li>Ante la falta de perspectiva de g\u00e9nero en los estudios de salud, decidimos incrementar la cobertura sanitaria de las mujeres trabajadoras.<\/li>\n<li>Junto con otras cooperativas y organizaciones, impulsamos una red de intercooperaci\u00f3n feminista y varios proyectos de investigaci\u00f3n al respecto.<\/li>\n<\/ul>\n<\/div><\/div><div class=\"w-separator size_medium\"><\/div><div class=\"wpb_text_column urtea\"><div class=\"wpb_wrapper\"><h1>2022<\/h1>\n<\/div><\/div><div class=\"wpb_text_column\"><div class=\"wpb_wrapper\"><ul>\n<li>\u00a0Gracias a las herramientas, conseguimos calcular el porcentaje del valor de uso y el valor de cambio de nuestra empresa, para conocer e incidir en nuestra capacidad de transformaci\u00f3n.<\/li>\n<li>\u00a0Creamos un marco de trabajo y sistematizamos nuestras pr\u00e1cticas y herramientas para consolidar nuestro nuevo modelo de trabajo.<\/li>\n<li style=\"list-style-type: none;\"><\/li>\n<\/ul>\n<\/div><\/div><\/div><\/div><\/div><\/div><\/div><\/section>\n","protected":false},"excerpt":{"rendered":"RecorridoInicioP\u00e1ginas2019 \u00a0 Iniciamos un cambio organizativo y estructural: pasamos de ser una cooperativa con gerencia a ser una cooperativa sin jerarqu\u00edas. Ponemos en marcha la nueva estructura y concretamos las funciones de cada grupo de trabajo. El trabajo del grupo \u2018Bizi on\u2019 comienza a centrarse en la articulaci\u00f3n entre las 5 esferas. Creamos la primera...","protected":false},"author":2,"featured_media":0,"parent":7347,"menu_order":0,"comment_status":"closed","ping_status":"closed","template":"","meta":{"footnotes":""},"acf":[],"_links":{"self":[{"href":"https:\/\/www.farapi.eus\/es\/wp-json\/wp\/v2\/pages\/7353"}],"collection":[{"href":"https:\/\/www.farapi.eus\/es\/wp-json\/wp\/v2\/pages"}],"about":[{"href":"https:\/\/www.farapi.eus\/es\/wp-json\/wp\/v2\/types\/page"}],"author":[{"embeddable":true,"href":"https:\/\/www.farapi.eus\/es\/wp-json\/wp\/v2\/users\/2"}],"replies":[{"embeddable":true,"href":"https:\/\/www.farapi.eus\/es\/wp-json\/wp\/v2\/comments?post=7353"}],"version-history":[{"count":2,"href":"https:\/\/www.farapi.eus\/es\/wp-json\/wp\/v2\/pages\/7353\/revisions"}],"predecessor-version":[{"id":7472,"href":"https:\/\/www.farapi.eus\/es\/wp-json\/wp\/v2\/pages\/7353\/revisions\/7472"}],"up":[{"embeddable":true,"href":"https:\/\/www.farapi.eus\/es\/wp-json\/wp\/v2\/pages\/7347"}],"wp:attachment":[{"href":"https:\/\/www.farapi.eus\/es\/wp-json\/wp\/v2\/media?parent=7353"}],"curies":[{"name":"wp","href":"https:\/\/api.w.org\/{rel}","templated":true}]}}