{"id":7359,"date":"2024-04-19T09:26:40","date_gmt":"2024-04-19T07:26:40","guid":{"rendered":"https:\/\/www.farapi.eus\/?page_id=7359"},"modified":"2025-03-07T14:53:23","modified_gmt":"2025-03-07T13:53:23","slug":"redes","status":"publish","type":"page","link":"https:\/\/www.farapi.eus\/es\/quienes-somos\/proceso-interno\/redes\/","title":{"rendered":"Redes"},"content":{"rendered":"<section class=\"l-section wpb_row height_auto\"><div class=\"l-section-h i-cf\"><div class=\"g-cols vc_row via_flex valign_top type_default stacking_default\"><div class=\"vc_col-sm-12 wpb_column vc_column_container\"><div class=\"vc_column-inner us_custom_c66aa925\"><div class=\"wpb_wrapper\"><div class=\"w-separator size_medium\"><\/div><h1 class=\"w-text us_custom_a917f4e3 has_text_color\"><span class=\"w-text-h\"><span class=\"w-text-value\">Sareak<\/span><\/span><\/h1><nav class=\"g-breadcrumbs us_custom_703b2333 separator_icon align_center\" itemscope itemtype=\"http:\/\/schema.org\/BreadcrumbList\"><div class=\"g-breadcrumbs-item\" itemscope itemprop=\"itemListElement\" itemtype=\"http:\/\/schema.org\/ListItem\"><a itemprop=\"item\" href=\"https:\/\/www.farapi.eus\/es\/\"><span itemprop=\"name\">Inicio<\/span><\/a><meta itemprop=\"position\" content=\"1\"\/><\/div><div class=\"g-breadcrumbs-separator\"><i class=\"far fa-angle-right\"><\/i><\/div><div class=\"g-breadcrumbs-item\">P\u00e1ginas<\/div><\/nav><\/div><\/div><\/div><\/div><\/div><\/section><section class=\"l-section wpb_row height_small\"><div class=\"l-section-h i-cf\"><div class=\"g-cols vc_row via_flex valign_top type_default stacking_default\"><div class=\"vc_col-sm-12 wpb_column vc_column_container\"><div class=\"vc_column-inner\"><div class=\"wpb_wrapper\"><div class=\"wpb_text_column\"><div class=\"wpb_wrapper\"><p style=\"text-align: center;\"><strong>Creemos firmemente en el poder del trabajo colectivo y la creaci\u00f3n de redes, para estar conectadas y cohesionadas con el entorno.<\/strong><\/p>\n<p style=\"text-align: center;\">Si queremos transformar la sociedad, no podemos hacerlo solas. Por ello, colaboramos con otras asociaciones, empresas y agentes, e impulsamos la creaci\u00f3n de espacios de colaboraci\u00f3n.<\/p>\n<\/div><\/div><div class=\"w-separator size_small\"><\/div><\/div><\/div><\/div><\/div><\/div><\/section><section class=\"l-section wpb_row us_custom_8535c5f4 height_auto\"><div class=\"l-section-h i-cf\"><div class=\"g-cols vc_row via_flex valign_top type_default stacking_default\"><div class=\"vc_col-sm-4 wpb_column vc_column_container sareak-kaja1 has_bg_color has-link\"><div class=\"vc_column-inner us_custom_90366a55\"><div class=\"wpb_wrapper\"><div class=\"wpb_text_column\"><div class=\"wpb_wrapper\"><h4><strong>OLATUKOOP<\/strong><\/h4>\n<p>&nbsp;<\/p>\n<p><strong>Participamos activamente<\/strong> en la red de agentes para fortalecer la econom\u00eda social transformadora.<\/p>\n<p><a href=\"http:\/\/www.olatukoop.eus\"><u>www.olatukoop.eus<\/u><\/a><\/p>\n<\/div><\/div><\/div><\/div><a target=\"_blank\" href=\"https:\/\/www.olatukoop.eus\" class=\"vc_column-link smooth-scroll\" aria-label=\"Enlace\"><\/a><\/div><div class=\"vc_col-sm-4 wpb_column vc_column_container sareak-kaja has_bg_color has-link\"><div class=\"vc_column-inner us_custom_e5b64665\"><div class=\"wpb_wrapper\"><div class=\"wpb_text_column\"><div class=\"wpb_wrapper\"><h4 style=\"text-align: left;\"><strong>LARRUTIK<\/strong><\/h4>\n<p>&nbsp;<\/p>\n<p style=\"text-align: left;\">Somos parte de la red de intercooperaci\u00f3n feminista de Gipuzkoa.<\/p>\n<p style=\"text-align: left;\"><a href=\"https:\/\/www.instagram.com\/ larrutik_interkoop_fem\/\">https:\/\/www.instagram.com\/<br \/>\nlarrutik_interkoop_fem\/<\/a><\/p>\n<\/div><\/div><\/div><\/div><a target=\"_blank\" href=\"https:\/\/www.instagram.com\/larrutik_interkoop_fem\/\" class=\"vc_column-link smooth-scroll\" aria-label=\"Enlace\"><\/a><\/div><div class=\"vc_col-sm-4 wpb_column vc_column_container has_bg_color\"><div class=\"vc_column-inner us_custom_e2fe6146\"><div class=\"wpb_wrapper\"><\/div><\/div><\/div><\/div><\/div><\/section><section class=\"l-section wpb_row us_custom_fdcab3db height_auto\"><div class=\"l-section-h i-cf\"><div class=\"g-cols vc_row via_flex valign_top type_default stacking_default\"><div class=\"vc_col-sm-4 wpb_column vc_column_container sareak-kaja has_bg_color has-link\"><div class=\"vc_column-inner us_custom_0268bca4\"><div class=\"wpb_wrapper\"><div class=\"wpb_text_column\"><div class=\"wpb_wrapper\"><h4 style=\"text-align: left;\"><strong>KOOPFABRIKA<\/strong><\/h4>\n<p>&nbsp;<\/p>\n<p>Acompa\u00f1amos proyectos profesionales e iniciativas socioecon\u00f3micas en esta escuela basada en el emprendimiento social cooperativo.<\/p>\n<p style=\"text-align: left;\"><a href=\"https:\/\/www.koopfabrika.eus\">https:\/\/www.koopfabrika.eus<\/a><\/p>\n<\/div><\/div><\/div><\/div><a target=\"_blank\" href=\"https:\/\/www.koopfabrika.eus\" class=\"vc_column-link smooth-scroll\" aria-label=\"Enlace\"><\/a><\/div><div class=\"vc_col-sm-4 wpb_column vc_column_container sareak-kaja1 has_bg_color has-link\"><div class=\"vc_column-inner us_custom_86929db7\"><div class=\"wpb_wrapper\"><div class=\"wpb_text_column\"><div class=\"wpb_wrapper\"><h4><strong>KOOP57<\/strong><\/h4>\n<p>&nbsp;<\/p>\n<p>Somos socias de esta cooperativa que ofrece servicios financieros \u00e9ticos y solidarios.<\/p>\n<p><a href=\"http:\/\/www.coop57.coop\/eu\/euskalherria\"><u>www.coop57.coop\/eu\/euskalherria<\/u><\/a><\/p>\n<\/div><\/div><\/div><\/div><a target=\"_blank\" href=\"https:\/\/www.coop57.coop\/eu\/euskalherria\" class=\"vc_column-link smooth-scroll\" aria-label=\"Enlace\"><\/a><\/div><div class=\"vc_col-sm-4 wpb_column vc_column_container sareak-kaja has_bg_color has-link\"><div class=\"vc_column-inner us_custom_0268bca4\"><div class=\"wpb_wrapper\"><div class=\"wpb_text_column\"><div class=\"wpb_wrapper\"><h4 style=\"text-align: left;\"><strong>BIZIOLA SAREA<\/strong><\/h4>\n<p>&nbsp;<\/p>\n<p>Somos socias de esta cooperativa sin \u00e1nimo de lucro y de iniciativa social que pretende crear red entre la ciudadan\u00eda del Goierri, agentes de la econom\u00eda social transformadora y otras entidades.<\/p>\n<p><a href=\"http:\/\/www.biziola.eus\"><u>www.biziola.eus<\/u><\/a><\/p>\n<\/div><\/div><\/div><\/div><a target=\"_blank\" href=\"https:\/\/www.biziola.eus\" class=\"vc_column-link smooth-scroll\" aria-label=\"Enlace\"><\/a><\/div><\/div><\/div><\/section><section class=\"l-section wpb_row height_auto\"><div class=\"l-section-h i-cf\"><div class=\"g-cols vc_row via_flex valign_top type_default stacking_default\"><div class=\"vc_col-sm-4 wpb_column vc_column_container sareak-kaja1 has_bg_color has-link\"><div class=\"vc_column-inner us_custom_86929db7\"><div class=\"wpb_wrapper\"><div class=\"wpb_text_column\"><div class=\"wpb_wrapper\"><h4><strong>KO-SORKUNTZA EKOSISTEMA<\/strong><\/h4>\n<p>&nbsp;<\/p>\n<p>Formamos parte de esta estructura colaborativa promovida por Arantzazulab. En ella conectamos con diferentes agentes que trabajamos en el \u00e1mbito de la participaci\u00f3n y desarrollamos nuevos conocimientos en colectivo.<\/p>\n<p><a href=\"http:\/\/www.arantzazulab.eus\"><u>www.arantzazulab.eus<\/u><\/a><\/p>\n<\/div><\/div><\/div><\/div><a target=\"_blank\" href=\"https:\/\/www.arantzazulab.eus\" class=\"vc_column-link smooth-scroll\" aria-label=\"Enlace\"><\/a><\/div><div class=\"vc_col-sm-4 wpb_column vc_column_container has_bg_color\"><div class=\"vc_column-inner us_custom_3758725f\"><div class=\"wpb_wrapper\"><\/div><\/div><\/div><div class=\"vc_col-sm-4 wpb_column vc_column_container sareak-kaja1 has_bg_color has-link\"><div class=\"vc_column-inner us_custom_86929db7\"><div class=\"wpb_wrapper\"><div class=\"wpb_text_column\"><div class=\"wpb_wrapper\"><h4 style=\"text-align: left;\"><strong>BATURA MAPA<\/strong><\/h4>\n<p>&nbsp;<\/p>\n<p>Estamos en el mapa de la Econom\u00eda Social Transformadora del Pa\u00eds Vasco.<\/p>\n<p><a href=\"http:\/\/www.batura.eus\"><u>www.batura.eus<\/u><\/a><\/p>\n<\/div><\/div><\/div><\/div><a target=\"_blank\" href=\"https:\/\/www.batura.eus\" class=\"vc_column-link smooth-scroll\" aria-label=\"Enlace\"><\/a><\/div><\/div><\/div><\/section>\n","protected":false},"excerpt":{"rendered":"SareakInicioP\u00e1ginasCreemos firmemente en el poder del trabajo colectivo y la creaci\u00f3n de redes, para estar conectadas y cohesionadas con el entorno. Si queremos transformar la sociedad, no podemos hacerlo solas. Por ello, colaboramos con otras asociaciones, empresas y agentes, e impulsamos la creaci\u00f3n de espacios de colaboraci\u00f3n. OLATUKOOP &nbsp; Participamos activamente en la red de...","protected":false},"author":2,"featured_media":0,"parent":7347,"menu_order":0,"comment_status":"closed","ping_status":"closed","template":"","meta":{"footnotes":""},"acf":[],"_links":{"self":[{"href":"https:\/\/www.farapi.eus\/es\/wp-json\/wp\/v2\/pages\/7359"}],"collection":[{"href":"https:\/\/www.farapi.eus\/es\/wp-json\/wp\/v2\/pages"}],"about":[{"href":"https:\/\/www.farapi.eus\/es\/wp-json\/wp\/v2\/types\/page"}],"author":[{"embeddable":true,"href":"https:\/\/www.farapi.eus\/es\/wp-json\/wp\/v2\/users\/2"}],"replies":[{"embeddable":true,"href":"https:\/\/www.farapi.eus\/es\/wp-json\/wp\/v2\/comments?post=7359"}],"version-history":[{"count":7,"href":"https:\/\/www.farapi.eus\/es\/wp-json\/wp\/v2\/pages\/7359\/revisions"}],"predecessor-version":[{"id":7483,"href":"https:\/\/www.farapi.eus\/es\/wp-json\/wp\/v2\/pages\/7359\/revisions\/7483"}],"up":[{"embeddable":true,"href":"https:\/\/www.farapi.eus\/es\/wp-json\/wp\/v2\/pages\/7347"}],"wp:attachment":[{"href":"https:\/\/www.farapi.eus\/es\/wp-json\/wp\/v2\/media?parent=7359"}],"curies":[{"name":"wp","href":"https:\/\/api.w.org\/{rel}","templated":true}]}}